{"id":712,"date":"2021-02-17T12:17:48","date_gmt":"2021-02-17T11:17:48","guid":{"rendered":"http:\/\/yuhsinuchang.ovh\/?page_id=712"},"modified":"2024-07-29T02:32:04","modified_gmt":"2024-07-29T00:32:04","slug":"sculpture-in-situ-memoire-darbre","status":"publish","type":"page","link":"http:\/\/yuhsinuchang.ovh\/index.php\/sculpture-in-situ-memoire-darbre\/","title":{"rendered":"Sculpture in situ &#8211; M\u00e9moire d&#8217;arbre"},"content":{"rendered":"\n<h2>M\u00e9moire d&#8217;arbre<\/h2>\n\n\n\n<p class=\"has-medium-font-size\"><\/p>\n\n\n\n<p style=\"font-size:14px;line-height:0\">sculpture <em>in-situ<\/em><\/p>\n\n\n\n<p style=\"font-size:14px;line-height:0\">2019<\/p>\n\n\n\n<p style=\"font-size:14px;line-height:0\">sapin douglas<\/p>\n\n\n\n<p style=\"font-size:14px;line-height:0\">H : 360 x L : 800 x  l : 500 cm<\/p>\n\n\n\n<p class=\"has-medium-font-size\"><\/p>\n\n\n\n<p style=\"font-size:14px;line-height:1.5\">\u0152uvre produite dans le cadre de l\u2019exposition Lille3000 ELDORADO, au Parc des Buissonnets, Lille. Co-production lille3000 ELDORADO + art &amp; jardins l Hauts-de-France<\/p>\n\n\n\n<p><\/p>\n\n\n\n<p class=\"has-medium-font-size\"><\/p>\n\n\n\n<p style=\"font-size:14px;line-height:0\">Installation 2019 au Parc des Buissonnets, Lille, France<\/p>\n\n\n\n<p style=\"font-size:14px;line-height:0\">Installation depuis 2020 \u00e0 l&#8217;\u00c9tang de Clermont, Amiens, France<\/p>\n\n\n\n<p style=\"font-size:30px\"><\/p>\n\n\n\n<figure class=\"wp-block-gallery columns-1 is-cropped\"><ul class=\"blocks-gallery-grid\"><li class=\"blocks-gallery-item\"><figure><a href=\"http:\/\/yuhsinuchang.ovh\/wp-content\/uploads\/2021\/02\/memoire_YUC_1.jpg\"><img src=\"http:\/\/yuhsinuchang.ovh\/wp-content\/uploads\/2021\/02\/memoire_YUC_1.jpg\" alt=\"\" data-id=\"764\" data-full-url=\"http:\/\/yuhsinuchang.ovh\/wp-content\/uploads\/2021\/02\/memoire_YUC_1.jpg\" data-link=\"http:\/\/yuhsinuchang.ovh\/index.php\/sculpture-in-situ-memoire-darbre\/memoire_yuc_1\/\" class=\"wp-image-764\"\/><\/a><\/figure><\/li><\/ul><figcaption class=\"blocks-gallery-caption\">Installation depuis 2020 \u00e0 l&#8217;\u00c9tang de Clermont, Amiens, France. Photo \u00a9 Yann Monel<\/figcaption><\/figure>\n\n\n\n<p style=\"font-size:25px\"><\/p>\n\n\n\n<p>Dans cette nature am\u00e9nag\u00e9e et arbor\u00e9e, \u00e7a et l\u00e0, des troncs attendent et viennent ponctuer notre regard. Couch\u00e9s ou verticaux, en d\u00e9compositions plus ou moins avanc\u00e9es, ils forment un autre paysage, un <em>tiers territoire<\/em> qui niche les activit\u00e9s souvent imperceptibles et sans cesse renouvel\u00e9es des insectes, des larves, des vers, des col\u00e9opt\u00e8res, bref de tout ce qui perp\u00e9tue une nature vivante et active. Cette nature ouvre les portes \u00e0 un futur positif comme d\u2019un monde \u00e0 la biodiversit\u00e9 pr\u00e9serv\u00e9.<\/p>\n\n\n\n<p>Pour l\u2019\u00e9dition ELDORADO lille3000, Yuhsin U Chang avait rep\u00e9r\u00e9 dans le parc des Buissonnets un arbre mort, isol\u00e9, encore vertical, sans frondaison, massif, au syst\u00e8me racinaire imposant d\u2019o\u00f9 \u00e9mergent ses deux f\u00fbts pour r\u00e9aliser sa sculpture <em>M\u00e9moire d\u2019arbre<\/em>. D\u00e9mont\u00e9e et r\u00e9install\u00e9e sur une parcelle du Festival, l\u2019\u0153uvre conserve toute sa force plastique et son intensit\u00e9 \u00e9motionnelle. Elle s\u2019ins\u00e8re l\u00e0 encore dans un cadre paysager et une nature particuli\u00e8re puisque, sur le territoire des Hortillonnages, le vivant est pr\u00e9sent sous diff\u00e9rentes formes, toutes li\u00e9es \u00e0 l\u2019intervention de l\u2019homme dans le temps.   <\/p>\n\n\n\n<p>Geste sculptural et m\u00e9taphorique, l\u2019\u0153uvre <em>M\u00e9moire d\u2019arbre <\/em>dessine un cycle entre pass\u00e9 et pr\u00e9sent, redessinant le cycle de transformation du vivant : un lien, un lieu de transformation, un passage tout en l\u2019inscrivant dans la m\u00e9moire des arbres.<\/p>\n\n\n\n<p style=\"font-size:25px\"><\/p>\n\n\n\n<figure class=\"wp-block-gallery columns-2 is-cropped\"><ul class=\"blocks-gallery-grid\"><li class=\"blocks-gallery-item\"><figure><a href=\"http:\/\/yuhsinuchang.ovh\/wp-content\/uploads\/2021\/02\/memoire_YUC_10.jpg\"><img loading=\"lazy\" width=\"886\" height=\"591\" src=\"http:\/\/yuhsinuchang.ovh\/wp-content\/uploads\/2021\/02\/memoire_YUC_10.jpg\" alt=\"\" data-id=\"717\" data-full-url=\"http:\/\/yuhsinuchang.ovh\/wp-content\/uploads\/2021\/02\/memoire_YUC_10.jpg\" data-link=\"http:\/\/yuhsinuchang.ovh\/index.php\/sculpture-in-situ-memoire-darbre\/memoire_yuc_10\/\" class=\"wp-image-717\" srcset=\"http:\/\/yuhsinuchang.ovh\/wp-content\/uploads\/2021\/02\/memoire_YUC_10.jpg 886w, http:\/\/yuhsinuchang.ovh\/wp-content\/uploads\/2021\/02\/memoire_YUC_10-300x200.jpg 300w, http:\/\/yuhsinuchang.ovh\/wp-content\/uploads\/2021\/02\/memoire_YUC_10-768x512.jpg 768w\" sizes=\"(max-width: 767px) 89vw, (max-width: 1000px) 54vw, (max-width: 1071px) 543px, 580px\" \/><\/a><\/figure><\/li><li class=\"blocks-gallery-item\"><figure><a href=\"http:\/\/yuhsinuchang.ovh\/wp-content\/uploads\/2021\/02\/memoire_YUC_9.jpg\"><img loading=\"lazy\" width=\"591\" height=\"886\" src=\"http:\/\/yuhsinuchang.ovh\/wp-content\/uploads\/2021\/02\/memoire_YUC_9.jpg\" alt=\"\" data-id=\"716\" data-full-url=\"http:\/\/yuhsinuchang.ovh\/wp-content\/uploads\/2021\/02\/memoire_YUC_9.jpg\" data-link=\"http:\/\/yuhsinuchang.ovh\/index.php\/sculpture-in-situ-memoire-darbre\/memoire_yuc_9\/\" class=\"wp-image-716\" srcset=\"http:\/\/yuhsinuchang.ovh\/wp-content\/uploads\/2021\/02\/memoire_YUC_9.jpg 591w, http:\/\/yuhsinuchang.ovh\/wp-content\/uploads\/2021\/02\/memoire_YUC_9-200x300.jpg 200w\" sizes=\"(max-width: 591px) 100vw, 591px\" \/><\/a><\/figure><\/li><li class=\"blocks-gallery-item\"><figure><a href=\"http:\/\/yuhsinuchang.ovh\/wp-content\/uploads\/2021\/02\/memoire_YUC_3.jpg\"><img loading=\"lazy\" width=\"886\" height=\"591\" src=\"http:\/\/yuhsinuchang.ovh\/wp-content\/uploads\/2021\/02\/memoire_YUC_3.jpg\" alt=\"\" data-id=\"715\" data-full-url=\"http:\/\/yuhsinuchang.ovh\/wp-content\/uploads\/2021\/02\/memoire_YUC_3.jpg\" data-link=\"http:\/\/yuhsinuchang.ovh\/index.php\/sculpture-in-situ-memoire-darbre\/memoire_yuc_3\/\" class=\"wp-image-715\" srcset=\"http:\/\/yuhsinuchang.ovh\/wp-content\/uploads\/2021\/02\/memoire_YUC_3.jpg 886w, http:\/\/yuhsinuchang.ovh\/wp-content\/uploads\/2021\/02\/memoire_YUC_3-300x200.jpg 300w, http:\/\/yuhsinuchang.ovh\/wp-content\/uploads\/2021\/02\/memoire_YUC_3-768x512.jpg 768w\" sizes=\"(max-width: 767px) 89vw, (max-width: 1000px) 54vw, (max-width: 1071px) 543px, 580px\" \/><\/a><\/figure><\/li><li class=\"blocks-gallery-item\"><figure><a href=\"http:\/\/yuhsinuchang.ovh\/wp-content\/uploads\/2021\/02\/memoire_YUC_13.jpg\"><img loading=\"lazy\" width=\"945\" height=\"629\" src=\"http:\/\/yuhsinuchang.ovh\/wp-content\/uploads\/2021\/02\/memoire_YUC_13.jpg\" alt=\"\" data-id=\"735\" data-full-url=\"http:\/\/yuhsinuchang.ovh\/wp-content\/uploads\/2021\/02\/memoire_YUC_13.jpg\" data-link=\"http:\/\/yuhsinuchang.ovh\/index.php\/sculpture-in-situ-memoire-darbre\/fij-2020-2\/\" class=\"wp-image-735\" srcset=\"http:\/\/yuhsinuchang.ovh\/wp-content\/uploads\/2021\/02\/memoire_YUC_13.jpg 945w, http:\/\/yuhsinuchang.ovh\/wp-content\/uploads\/2021\/02\/memoire_YUC_13-300x200.jpg 300w, http:\/\/yuhsinuchang.ovh\/wp-content\/uploads\/2021\/02\/memoire_YUC_13-768x511.jpg 768w\" sizes=\"(max-width: 767px) 89vw, (max-width: 1000px) 54vw, (max-width: 1071px) 543px, 580px\" \/><\/a><\/figure><\/li><li class=\"blocks-gallery-item\"><figure><a href=\"http:\/\/yuhsinuchang.ovh\/wp-content\/uploads\/2021\/02\/memoire_YUC_14.jpg\"><img loading=\"lazy\" width=\"935\" height=\"623\" src=\"http:\/\/yuhsinuchang.ovh\/wp-content\/uploads\/2021\/02\/memoire_YUC_14.jpg\" alt=\"\" data-id=\"736\" data-full-url=\"http:\/\/yuhsinuchang.ovh\/wp-content\/uploads\/2021\/02\/memoire_YUC_14.jpg\" data-link=\"http:\/\/yuhsinuchang.ovh\/index.php\/sculpture-in-situ-memoire-darbre\/fij-2020-3\/\" class=\"wp-image-736\" srcset=\"http:\/\/yuhsinuchang.ovh\/wp-content\/uploads\/2021\/02\/memoire_YUC_14.jpg 935w, http:\/\/yuhsinuchang.ovh\/wp-content\/uploads\/2021\/02\/memoire_YUC_14-300x200.jpg 300w, http:\/\/yuhsinuchang.ovh\/wp-content\/uploads\/2021\/02\/memoire_YUC_14-768x512.jpg 768w\" sizes=\"(max-width: 767px) 89vw, (max-width: 1000px) 54vw, (max-width: 1071px) 543px, 580px\" \/><\/a><\/figure><\/li><\/ul><figcaption class=\"blocks-gallery-caption\">Installation depuis 2020 \u00e0 l&#8217;\u00c9tang de Clermont, Amiens, France. Photo \u00a9 Yann Monel<\/figcaption><\/figure>\n\n\n\n<p style=\"font-size:40px\"><\/p>\n\n\n\n<figure class=\"wp-block-gallery columns-2 is-cropped\"><ul class=\"blocks-gallery-grid\"><li class=\"blocks-gallery-item\"><figure><a href=\"http:\/\/yuhsinuchang.ovh\/wp-content\/uploads\/2021\/02\/Memoire_d_arbre-12_Yuhsin-U-Chang.jpg\"><img loading=\"lazy\" width=\"1024\" height=\"545\" src=\"http:\/\/yuhsinuchang.ovh\/wp-content\/uploads\/2021\/02\/Memoire_d_arbre-12_Yuhsin-U-Chang-1024x545.jpg\" alt=\"\" data-id=\"725\" data-full-url=\"http:\/\/yuhsinuchang.ovh\/wp-content\/uploads\/2021\/02\/Memoire_d_arbre-12_Yuhsin-U-Chang.jpg\" data-link=\"http:\/\/yuhsinuchang.ovh\/index.php\/sculpture-in-situ-memoire-darbre\/memoire_d_arbre-12_yuhsin-u-chang\/\" class=\"wp-image-725\" srcset=\"http:\/\/yuhsinuchang.ovh\/wp-content\/uploads\/2021\/02\/Memoire_d_arbre-12_Yuhsin-U-Chang-1024x545.jpg 1024w, http:\/\/yuhsinuchang.ovh\/wp-content\/uploads\/2021\/02\/Memoire_d_arbre-12_Yuhsin-U-Chang-300x160.jpg 300w, http:\/\/yuhsinuchang.ovh\/wp-content\/uploads\/2021\/02\/Memoire_d_arbre-12_Yuhsin-U-Chang-768x409.jpg 768w, http:\/\/yuhsinuchang.ovh\/wp-content\/uploads\/2021\/02\/Memoire_d_arbre-12_Yuhsin-U-Chang.jpg 1344w\" sizes=\"(max-width: 767px) 89vw, (max-width: 1000px) 54vw, (max-width: 1071px) 543px, 580px\" \/><\/a><\/figure><\/li><li class=\"blocks-gallery-item\"><figure><a href=\"http:\/\/yuhsinuchang.ovh\/wp-content\/uploads\/2021\/02\/Memoire_d_arbre-3_Yuhsin-U-Chang-1.jpg\"><img loading=\"lazy\" width=\"1024\" height=\"576\" src=\"http:\/\/yuhsinuchang.ovh\/wp-content\/uploads\/2021\/02\/Memoire_d_arbre-3_Yuhsin-U-Chang-1-1024x576.jpg\" alt=\"\" data-id=\"723\" data-full-url=\"http:\/\/yuhsinuchang.ovh\/wp-content\/uploads\/2021\/02\/Memoire_d_arbre-3_Yuhsin-U-Chang-1.jpg\" data-link=\"http:\/\/yuhsinuchang.ovh\/index.php\/sculpture-in-situ-memoire-darbre\/memoire_d_arbre-3_yuhsin-u-chang-1\/\" class=\"wp-image-723\" srcset=\"http:\/\/yuhsinuchang.ovh\/wp-content\/uploads\/2021\/02\/Memoire_d_arbre-3_Yuhsin-U-Chang-1-1024x576.jpg 1024w, http:\/\/yuhsinuchang.ovh\/wp-content\/uploads\/2021\/02\/Memoire_d_arbre-3_Yuhsin-U-Chang-1-300x169.jpg 300w, http:\/\/yuhsinuchang.ovh\/wp-content\/uploads\/2021\/02\/Memoire_d_arbre-3_Yuhsin-U-Chang-1-768x432.jpg 768w, http:\/\/yuhsinuchang.ovh\/wp-content\/uploads\/2021\/02\/Memoire_d_arbre-3_Yuhsin-U-Chang-1.jpg 1417w\" sizes=\"(max-width: 767px) 89vw, (max-width: 1000px) 54vw, (max-width: 1071px) 543px, 580px\" \/><\/a><\/figure><\/li><\/ul><figcaption class=\"blocks-gallery-caption\">Installation 2019 au Parc des Buissonnets, Lille, France<\/figcaption><\/figure>\n","protected":false},"excerpt":{"rendered":"<p>M\u00e9moire d&#8217;arbre sculpture in-situ 2019 sapin douglas H : 360 x L : 800 x l : 500 cm \u0152uvre produite dans le cadre de l\u2019exposition Lille3000 ELDORADO, au Parc des Buissonnets, Lille. Co-production lille3000 ELDORADO + art &amp; jardins l Hauts-de-France Installation 2019 au Parc des Buissonnets, Lille, France Installation depuis 2020 \u00e0 l&#8217;\u00c9tang &hellip; <\/p>\n<p class=\"link-more\"><a href=\"http:\/\/yuhsinuchang.ovh\/index.php\/sculpture-in-situ-memoire-darbre\/\" class=\"more-link\">Continue reading<span class=\"screen-reader-text\"> &#8220;Sculpture in situ &#8211; M\u00e9moire d&#8217;arbre&#8221;<\/span><\/a><\/p>\n","protected":false},"author":1,"featured_media":1502,"parent":0,"menu_order":0,"comment_status":"closed","ping_status":"closed","template":"","meta":[],"_links":{"self":[{"href":"http:\/\/yuhsinuchang.ovh\/index.php\/wp-json\/wp\/v2\/pages\/712"}],"collection":[{"href":"http:\/\/yuhsinuchang.ovh\/index.php\/wp-json\/wp\/v2\/pages"}],"about":[{"href":"http:\/\/yuhsinuchang.ovh\/index.php\/wp-json\/wp\/v2\/types\/page"}],"author":[{"embeddable":true,"href":"http:\/\/yuhsinuchang.ovh\/index.php\/wp-json\/wp\/v2\/users\/1"}],"replies":[{"embeddable":true,"href":"http:\/\/yuhsinuchang.ovh\/index.php\/wp-json\/wp\/v2\/comments?post=712"}],"version-history":[{"count":25,"href":"http:\/\/yuhsinuchang.ovh\/index.php\/wp-json\/wp\/v2\/pages\/712\/revisions"}],"predecessor-version":[{"id":2299,"href":"http:\/\/yuhsinuchang.ovh\/index.php\/wp-json\/wp\/v2\/pages\/712\/revisions\/2299"}],"wp:featuredmedia":[{"embeddable":true,"href":"http:\/\/yuhsinuchang.ovh\/index.php\/wp-json\/wp\/v2\/media\/1502"}],"wp:attachment":[{"href":"http:\/\/yuhsinuchang.ovh\/index.php\/wp-json\/wp\/v2\/media?parent=712"}],"curies":[{"name":"wp","href":"https:\/\/api.w.org\/{rel}","templated":true}]}}